{"id":163,"date":"2016-12-25T20:32:36","date_gmt":"2016-12-25T19:32:36","guid":{"rendered":"http:\/\/kuzma-kovacic.from.hr\/?page_id=163"},"modified":"2019-10-12T06:00:15","modified_gmt":"2019-10-12T04:00:15","slug":"samostalne-izlozbe","status":"publish","type":"page","link":"http:\/\/kuzma-kovacic.from.hr\/?page_id=163","title":{"rendered":"Samostalne izlo\u017ebe \/ Solo exhibitions"},"content":{"rendered":"<p>&#8211; 1976. Hvar, Galerija &#8220;Na Bankete&#8221; (s I. Ron\u010devi\u0107em i P. Bogdani\u0107em)<\/p>\n<p>&#8211; 1977. Zagreb, Galerija &#8220;Vladimir Nazor&#8221; (s I. Ron\u010devi\u0107em)<\/p>\n<p>&#8211; 1979. \u0160ibenik, Muzej grada \u0160ibenika<\/p>\n<p>&#8211; 1980. Zagreb, Galerija Schira<\/p>\n<p>&#8211; 1981. Ljubljana (Slovenija), Galerija Ars<\/p>\n<p>&#8211; 1981. Split, Galerija umjetnina<\/p>\n<p>&#8211; 1981. Hvar, Galerija&#8221; Na Bankete&#8221;<\/p>\n<p>&#8211; 1982. Zagreb, Studio Galerije Forum<\/p>\n<p>&#8211; 1983. Zadar, Gradska Lo\u017ea (Moderna galerija)<\/p>\n<p>&#8211; 1984. Split, Galerija &#8220;Kripta&#8221; (s M. Skra\u010di\u0107em i J. Kezi\u0107em)<\/p>\n<p>&#8211; 1985. Dubrovnik, Umjetni\u010dka galerija<\/p>\n<p>&#8211; 1985\/86. Split, Galerija umjetnina<\/p>\n<p>&#8211; 1986. Vara\u017edin, Galerija slika<\/p>\n<p>&#8211; 1986. Zagreb, Galerija Forum<\/p>\n<p>&#8211; 1986. Gornja Stubica, Muzej selja\u010dkih buna<\/p>\n<p>&#8211; 1986. Zagreb, Galerija &#8220;Josip Ra\u010di\u0107&#8221;<\/p>\n<p>&#8211; 1986. Hvar, Galerija &#8220;Arsena1&#8221;<\/p>\n<p>&#8211; 1988. Zadar, Galerija Pedi\u0161i\u0107<\/p>\n<p>&#8211; 1990. Hvar, Biskupska katedra1na biblioteka<\/p>\n<p>&#8211; 1991. Zagreb, Galerija &#8220;Josip Ra\u010di\u0107&#8221; (Vratnice Hvarske katedra1e)<\/p>\n<p>&#8211; 1991. Split, Etnografski muzej (Vrtanice Hvarske katedrale)<\/p>\n<p>&#8211; 1996. Zagreb, Moderna ga1erija (Kovani novac Republike Hrvatske)<\/p>\n<p>&#8211; 1996. Geelong &#8211; Melbourne (Australija), Gradska galerija (Kovani novac<\/p>\n<p>Republike Hrvatske)<\/p>\n<p>&#8211; 1997. Trst (Italija), Generalni konzutat Republike Hrvatske, &#8220;Papa Ivan Pavao II.- &nbsp;&nbsp;&nbsp;&nbsp;&nbsp;&nbsp; spomenik i kovani novac&#8221;<\/p>\n<p>&#8211; 1997. Sarajevo, Federacija BIH, Mala galerija Sv. Anto &#8211; Bistrik (Kovani<\/p>\n<p>novac Republike Hrvatske)<\/p>\n<p>&#8211; 1998. Zagreb, Muzej Mimara (Diva Grabov\u010deva i Gospa Ramska)<\/p>\n<p>&#8211; 1998. Split, Galerija Protiron, &#8220;Spomenik Papi Ivanu Pavlu II.&#8221;<\/p>\n<p>&#8211; 1998. \u0160iroki Brijeg, Muzej \u0160iroki Brijeg, Franjeva\u010dka galerija (Izlo\u017eba &#8220;Oblici &nbsp;&nbsp; sakralnoga 1975. &#8211; 1998.&#8221;)<\/p>\n<p>&#8211; 1999. Split, Pinakoteka Franjeva\u010dkog samostana Gospe od Zdravlja (s J.Botterijem)<\/p>\n<p>&#8211; 1999. \u0160ibenik, Galerija Svetog Kr\u0161evana<\/p>\n<p>&#8211; 1999. Zagreb, Galerija Klovi\u0107evi dvori (retrospektiva desetgodi\u0161njeg rada)<\/p>\n<p>&#8211; 1999. Hvar, Galerija Arsenal<\/p>\n<p>&#8211; 2000. Zagreb, Galerija Forum , Izlo\u017eba &#8220;Himni i sipine kosti&#8221;<\/p>\n<p>&#8211; 2001. Zagreb, Klovi\u0107evi dvori, Izlo\u017eena &#8220;Posljednja ve\u010dera&#8221;<\/p>\n<p>&#8211; 2001. Stari grad, Tvrdalj, Izlo\u017eba &#8220;\u010cetiri hvarska kipara&#8221; (Bogdani\u0107, Drinkovi\u0107, Hraste i &nbsp;&nbsp;&nbsp;&nbsp;&nbsp;&nbsp;&nbsp;&nbsp; Kova\u010di\u0107)<\/p>\n<p>&#8211; 2001. Split, Galerija umjetnina (Stara bolnica), &#8220;\u010cetiri hvarska kipara&#8221;<\/p>\n<p>&#8211; 2002. Zadar, Umjetni\u010dka galerija, &#8220;\u010cetiri hvarska kipara&#8221;<\/p>\n<p>&#8211; 2002. Split, Galerija Kula, Izlo\u017eba &#8220;Mladi stari kipovi&#8221;<\/p>\n<p>&#8211; 2002. Sentendre (Budimpe\u0161ta, Ma\u0111arska), Galerija Mlin, &#8220;\u010cetiri hrvatska kipara &#8221;<\/p>\n<p>&#8211; 2002. Klek, Galerija Ste\u0107ak<\/p>\n<p>&#8211; 2003. Be\u010d (Austrija), Pala\u010da Porcia, &#8220;\u010cetiri hrvatska kipara<\/p>\n<p>&#8211; 2003. Opuzen, Likovni salon Opuzen<\/p>\n<p>&#8211; 2006. Split, Muzej Grada Splita, Izlo\u017eba &#8220;Iz katakombi&#8221; (Me\u0111unarodna manifestacija &nbsp; &#8220;Dani kr\u0161\u0107anske kulture&#8221;)<\/p>\n<p>&#8211; 2007.&nbsp; Sisak, Galerija Striegl, Izlo\u017eba &#8220;Kiparska klasa &#8217;76&#8221;<\/p>\n<p>&#8211; 2007. Metkovi\u0107, Galerija Gradskog kulturnog centra<\/p>\n<p>&#8211; 2009. Zagreb, Galerija Forum<\/p>\n<p>&#8211; 2009. Zagreb, Galerija Josip Ra\u010di\u0107, &#8220;Spomeni\u010dke i sakralne skulpture, modeli, makete, studije i skice 1986-2008.&#8221;<\/p>\n<p>&#8211; 2010. Split, Galerija umjetnina, &#8220;Iskorak u kiparstvo&#8221;<\/p>\n<p>&#8211; 2011. Opuzen, &#8220;Prva postaja kri\u017enog puta Isusa osu\u0111uju na smrt&#8221;<\/p>\n<p>&#8211; 2011. Zagreb, Galerija Forum, Izlo\u017eba prigodom dodjeljivanja Nagrade Galerije Forum<\/p>\n<p>&#8211; 2013. Zagreb, Moderna galerija, Retrospektivna izlo\u017eba<\/p>\n<p>&#8211; 2013. Split, Galerija umjetnina, Retrospektivna izlo\u017eba<\/p>\n<p>&#8211; 2013. \u010capljina, Galerija zaklade &#8220;Zalo\u017eba kralja Tomislava&#8221;, Retrospektivna izlo\u017eba<\/p>\n<p>&#8211; 2014. Slavonski Brod, Galerija umjetnina Grada Slavonskog Broda, Likovni salon <em>Vladimir Beci\u0107<\/em>, 15. 5. \u2013 15. 6. 2014.<\/p>\n<p>&#8211; 2015. Zagreb, Galerija Nadbiskupijskog pastoralnog instituta, &#8220;Kuzma Kova\u010di\u0107, Veni creator spiritus&#8221;, djela kr\u0161\u0107anskog nadahnu\u0107a i sakralna kiparska djela, 21. 5.&nbsp;\u2013 21. 6. 2015.<\/p>\n<p>&#8211; 2017. Rim (Italija), Museo Umberto Mastroianni, Musei San Salvatore in Lauro, pod visokim pokroviteljstvom Papinskog vije\u0107a za kulturu, \u201eHrvatski kipar Kuzma Kova\u010di\u0107 \u2013 hodo\u010dasnik u kiparstvu\u201c, 11. 4. \u2013 20. 5. 2017.<\/p>\n<p>&#8211; 2018. Hvar, Arsenal, Monografska izlo\u017eba \u201eL\u020bk uz\u020drit, k\u020bp uzn\u020dsit\u201c, 8. 7. \u2013 20. 09. 2018.<\/p>\n<p>&#8211; 2018. \u0160iroki Brijeg, Franjeva\u010dka galerija, 17. 12. 2018.&nbsp;\u2013 10. 2. 2019.<\/p>\n<p>&#8211; 2019. Split, Galerija Me\u0161trovi\u0107, Izlo\u017eba&nbsp;\u201eMihi videtur\u2026\u201c \/ Umjetnik kod Me\u0161trovi\u0107a, 18. 7. \u2013 30. 9. 2019.<\/p>\n","protected":false},"excerpt":{"rendered":"<p>&#8211; 1976. Hvar, Galerija &#8220;Na Bankete&#8221; (s I. Ron\u010devi\u0107em i P. Bogdani\u0107em) &#8211; 1977. Zagreb, Galerija &#8220;Vladimir Nazor&#8221; (s I. Ron\u010devi\u0107em) &#8211; 1979. \u0160ibenik, Muzej grada \u0160ibenika &#8211; 1980. Zagreb, Galerija Schira &#8211; 1981. Ljubljana (Slovenija), Galerija Ars &#8211; 1981. &hellip; <a href=\"http:\/\/kuzma-kovacic.from.hr\/?page_id=163\">Nastavi \u010ditati <span class=\"meta-nav\">&rarr;<\/span><\/a><\/p>\n","protected":false},"author":1627,"featured_media":0,"parent":0,"menu_order":0,"comment_status":"closed","ping_status":"closed","template":"","meta":{"ngg_post_thumbnail":0},"yoast_head":"<!-- This site is optimized with the Yoast SEO plugin v17.5 - https:\/\/yoast.com\/wordpress\/plugins\/seo\/ -->\n<meta name=\"robots\" content=\"index, follow, max-snippet:-1, max-image-preview:large, max-video-preview:-1\" \/>\n<link rel=\"canonical\" href=\"http:\/\/kuzma-kovacic.from.hr\/?page_id=163\" \/>\n<meta property=\"og:locale\" content=\"hr_HR\" \/>\n<meta property=\"og:type\" content=\"article\" \/>\n<meta property=\"og:title\" content=\"Samostalne izlo\u017ebe \/ Solo exhibitions - Kuzma Kova\u010di\u0107\" \/>\n<meta property=\"og:description\" content=\"&#8211; 1976. Hvar, Galerija &#8220;Na Bankete&#8221; (s I. Ron\u010devi\u0107em i P. Bogdani\u0107em) &#8211; 1977. Zagreb, Galerija &#8220;Vladimir Nazor&#8221; (s I. Ron\u010devi\u0107em) &#8211; 1979. \u0160ibenik, Muzej grada \u0160ibenika &#8211; 1980. Zagreb, Galerija Schira &#8211; 1981. Ljubljana (Slovenija), Galerija Ars &#8211; 1981. &hellip; Nastavi \u010ditati &rarr;\" \/>\n<meta property=\"og:url\" content=\"http:\/\/kuzma-kovacic.from.hr\/?page_id=163\" \/>\n<meta property=\"og:site_name\" content=\"Kuzma Kova\u010di\u0107\" \/>\n<meta property=\"article:modified_time\" content=\"2019-10-12T04:00:15+00:00\" \/>\n<meta name=\"twitter:card\" content=\"summary\" \/>\n<meta name=\"twitter:label1\" content=\"Procijenjeno vrijeme \u010ditanja\" \/>\n\t<meta name=\"twitter:data1\" content=\"3 minute\" \/>\n<script type=\"application\/ld+json\" class=\"yoast-schema-graph\">{\"@context\":\"https:\/\/schema.org\",\"@graph\":[{\"@type\":\"WebSite\",\"@id\":\"http:\/\/kuzma-kovacic.from.hr\/#website\",\"url\":\"http:\/\/kuzma-kovacic.from.hr\/\",\"name\":\"Kuzma Kova\\u010di\\u0107\",\"description\":\"akademski kipar\",\"potentialAction\":[{\"@type\":\"SearchAction\",\"target\":{\"@type\":\"EntryPoint\",\"urlTemplate\":\"http:\/\/kuzma-kovacic.from.hr\/?s={search_term_string}\"},\"query-input\":\"required name=search_term_string\"}],\"inLanguage\":\"hr\"},{\"@type\":\"WebPage\",\"@id\":\"http:\/\/kuzma-kovacic.from.hr\/?page_id=163#webpage\",\"url\":\"http:\/\/kuzma-kovacic.from.hr\/?page_id=163\",\"name\":\"Samostalne izlo\\u017ebe \/ Solo exhibitions - Kuzma Kova\\u010di\\u0107\",\"isPartOf\":{\"@id\":\"http:\/\/kuzma-kovacic.from.hr\/#website\"},\"datePublished\":\"2016-12-25T19:32:36+00:00\",\"dateModified\":\"2019-10-12T04:00:15+00:00\",\"breadcrumb\":{\"@id\":\"http:\/\/kuzma-kovacic.from.hr\/?page_id=163#breadcrumb\"},\"inLanguage\":\"hr\",\"potentialAction\":[{\"@type\":\"ReadAction\",\"target\":[\"http:\/\/kuzma-kovacic.from.hr\/?page_id=163\"]}]},{\"@type\":\"BreadcrumbList\",\"@id\":\"http:\/\/kuzma-kovacic.from.hr\/?page_id=163#breadcrumb\",\"itemListElement\":[{\"@type\":\"ListItem\",\"position\":1,\"name\":\"Home\",\"item\":\"http:\/\/kuzma-kovacic.from.hr\/\"},{\"@type\":\"ListItem\",\"position\":2,\"name\":\"Samostalne izlo\\u017ebe \/ Solo exhibitions\"}]}]}<\/script>\n<!-- \/ Yoast SEO plugin. -->","yoast_head_json":{"robots":{"index":"index","follow":"follow","max-snippet":"max-snippet:-1","max-image-preview":"max-image-preview:large","max-video-preview":"max-video-preview:-1"},"canonical":"http:\/\/kuzma-kovacic.from.hr\/?page_id=163","og_locale":"hr_HR","og_type":"article","og_title":"Samostalne izlo\u017ebe \/ Solo exhibitions - Kuzma Kova\u010di\u0107","og_description":"&#8211; 1976. Hvar, Galerija &#8220;Na Bankete&#8221; (s I. Ron\u010devi\u0107em i P. Bogdani\u0107em) &#8211; 1977. Zagreb, Galerija &#8220;Vladimir Nazor&#8221; (s I. Ron\u010devi\u0107em) &#8211; 1979. \u0160ibenik, Muzej grada \u0160ibenika &#8211; 1980. Zagreb, Galerija Schira &#8211; 1981. Ljubljana (Slovenija), Galerija Ars &#8211; 1981. &hellip; Nastavi \u010ditati &rarr;","og_url":"http:\/\/kuzma-kovacic.from.hr\/?page_id=163","og_site_name":"Kuzma Kova\u010di\u0107","article_modified_time":"2019-10-12T04:00:15+00:00","twitter_card":"summary","twitter_misc":{"Procijenjeno vrijeme \u010ditanja":"3 minute"},"schema":{"@context":"https:\/\/schema.org","@graph":[{"@type":"WebSite","@id":"http:\/\/kuzma-kovacic.from.hr\/#website","url":"http:\/\/kuzma-kovacic.from.hr\/","name":"Kuzma Kova\u010di\u0107","description":"akademski kipar","potentialAction":[{"@type":"SearchAction","target":{"@type":"EntryPoint","urlTemplate":"http:\/\/kuzma-kovacic.from.hr\/?s={search_term_string}"},"query-input":"required name=search_term_string"}],"inLanguage":"hr"},{"@type":"WebPage","@id":"http:\/\/kuzma-kovacic.from.hr\/?page_id=163#webpage","url":"http:\/\/kuzma-kovacic.from.hr\/?page_id=163","name":"Samostalne izlo\u017ebe \/ Solo exhibitions - Kuzma Kova\u010di\u0107","isPartOf":{"@id":"http:\/\/kuzma-kovacic.from.hr\/#website"},"datePublished":"2016-12-25T19:32:36+00:00","dateModified":"2019-10-12T04:00:15+00:00","breadcrumb":{"@id":"http:\/\/kuzma-kovacic.from.hr\/?page_id=163#breadcrumb"},"inLanguage":"hr","potentialAction":[{"@type":"ReadAction","target":["http:\/\/kuzma-kovacic.from.hr\/?page_id=163"]}]},{"@type":"BreadcrumbList","@id":"http:\/\/kuzma-kovacic.from.hr\/?page_id=163#breadcrumb","itemListElement":[{"@type":"ListItem","position":1,"name":"Home","item":"http:\/\/kuzma-kovacic.from.hr\/"},{"@type":"ListItem","position":2,"name":"Samostalne izlo\u017ebe \/ Solo exhibitions"}]}]}},"_links":{"self":[{"href":"http:\/\/kuzma-kovacic.from.hr\/index.php?rest_route=\/wp\/v2\/pages\/163"}],"collection":[{"href":"http:\/\/kuzma-kovacic.from.hr\/index.php?rest_route=\/wp\/v2\/pages"}],"about":[{"href":"http:\/\/kuzma-kovacic.from.hr\/index.php?rest_route=\/wp\/v2\/types\/page"}],"author":[{"embeddable":true,"href":"http:\/\/kuzma-kovacic.from.hr\/index.php?rest_route=\/wp\/v2\/users\/1627"}],"replies":[{"embeddable":true,"href":"http:\/\/kuzma-kovacic.from.hr\/index.php?rest_route=%2Fwp%2Fv2%2Fcomments&post=163"}],"version-history":[{"count":8,"href":"http:\/\/kuzma-kovacic.from.hr\/index.php?rest_route=\/wp\/v2\/pages\/163\/revisions"}],"predecessor-version":[{"id":600,"href":"http:\/\/kuzma-kovacic.from.hr\/index.php?rest_route=\/wp\/v2\/pages\/163\/revisions\/600"}],"wp:attachment":[{"href":"http:\/\/kuzma-kovacic.from.hr\/index.php?rest_route=%2Fwp%2Fv2%2Fmedia&parent=163"}],"curies":[{"name":"wp","href":"https:\/\/api.w.org\/{rel}","templated":true}]}}